{"id":3738,"date":"2022-09-23T13:38:37","date_gmt":"2022-09-23T12:38:37","guid":{"rendered":"https:\/\/teilafabrika.eus\/?post_type=product&#038;p=3738"},"modified":"2022-09-29T12:16:03","modified_gmt":"2022-09-29T11:16:03","slug":"jabetza-intelektuala-arte-eszenikoetarako-eta-ikus-entzunezkoetarako-musika-ainara-legardon","status":"publish","type":"product","link":"https:\/\/teilafabrika.eus\/es\/ekitaldiak\/jabetza-intelektuala-arte-eszenikoetarako-eta-ikus-entzunezkoetarako-musika-ainara-legardon\/","title":{"rendered":"\u201cJABETZA INTELEKTUALA: ARTE ESZENIKOETARAKO ETA IKUS-ENTZUNEZKOETARAKO MUSIKA\u00bb Ainara LeGardon"},"content":{"rendered":"<p><strong>EUS\/\/<\/strong> HEMEN elkartekoek antolatuta eta Ainara LeGardonen eskutik, \u00abJabetza intelektuala: arte eszenikoetarako eta ikus-entzunezkoetarako musika\u00bb ikastaroa izango dugu urriaren 6an.<\/p>\n<p>Nori zuzendua: lege-esparrua eta Jabetza intelektualeko eskubideak kudeatzeko aukerak ezagutu nahi dituzten musikari, arte eszenikoen eta ikus-entzunezkoen profesionalei zuzendua.<\/p>\n<p>Sinopsia: musikan, arte eszenikoetan eta\/edo ikus-entzunezkoetan aritzen zara eta batzuetan zure sorkuntzak edo ekoizpenak kudeatzeko tresnak falta zaizkizula sentitzen duzu? Soinu-banda bat enkargatu dizute eta zalantzak dituzu zure egile-eskubideen kudeaketari dagokionez? Zure sorkuntzetan sartu nahi dituzun beste obra batzuk erabiltzeagatik baimenak eskatzeko prozeduraren inguruan baduzu hutsunerik?<\/p>\n<p>Ikastaro honetan gai hauek eta beste batzuk landuko dira, sormen-prozesuetan maiz sortzen diren premiei erantzunez, bai ikuspegi teoriko zein praktiko batetik. Ikastaroan eduki guztia duen PDF bat emango zaie parte hartzaileei.<\/p>\n<p>Urriak 6, osteguna , 17:00etatik 20:00etara, Teila Fabrika (Iruresoro plaza 2\/4 20012 Donostia)<\/p>\n<p><a href=\"https:\/\/docs.google.com\/forms\/d\/e\/1FAIpQLSdw5BzVCwD2WRGamJIoy-U7z4_jAXDKbj17e3AU2iFwG_xuJg\/viewform\">IZENA-EMATEA doan tokiak bete arte<\/a> (15 pertsonetara mugatua). (H)emen-eko bazkideek lehentasuna izango dute.<\/p>\n<p><strong>CAS\/\/<\/strong> TALLER \u201cPROPIEDAD INTELECTUAL: M\u00daSICA PARA ARTES ESC\u00c9NICAS Y MEDIOS AUDIOVISUALES\u00bb con Ainara LeGardon.<\/p>\n<p dir=\"ltr\">Dirigido a profesionales de la m\u00fasica, las\u00a0artes esc\u00e9nicas\u00a0y audiovisuales\u00a0que deseen conocer el marco legal y las opciones en la gesti\u00f3n de derechos de propiedad intelectual.<\/p>\n<p dir=\"ltr\">Jueves, 6 de octubre , 17:00-20:00, Teila Fabrika (Iruresoro plaza 2\/4 20012 Donostia)<\/p>\n<p dir=\"ltr\">Sinopsis: \u00bfTe dedicas a la m\u00fasica, las artes esc\u00e9nicas y\/o audiovisuales y sientes que a veces te faltan herramientas para gestionar tus creaciones o producciones? \u00bfTe han encargado una banda sonora y tienes dudas en cuanto a la gesti\u00f3n de tus derechos de autor\u00eda? \u00bfTienes lagunas al respecto del procedimiento para pedir autorizaciones por el uso de obras ajenas que quieres integrar en tus creaciones?<\/p>\n<p dir=\"ltr\">En este taller se abordar\u00e1n estas y otras cuestiones, atendiendo a las necesidades que con frecuencia se plantean en los procesos creativos, y desde un punto de vista tanto te\u00f3rico como pr\u00e1ctico. El curso incluir\u00e1 un documento en PDF con todo el contenido, que se proporcionar\u00e1 al alumnado.<\/p>\n<p dir=\"ltr\"><a href=\"https:\/\/docs.google.com\/forms\/d\/e\/1FAIpQLSdw5BzVCwD2WRGamJIoy-U7z4_jAXDKbj17e3AU2iFwG_xuJg\/viewform?usp=pp_url\" target=\"_blank\" rel=\"noopener\">INSCRIPCI\u00d3N<\/a> gratuita hasta completar aforo (limitado a 15 personas). Las socias de (H)emen tendr\u00e1n preferencia<\/p>\n","protected":false},"excerpt":{"rendered":"<p>EUS\/\/ HEMEN elkartekoek antolatuta eta Ainara LeGardonen eskutik, \u00abJabetza intelektuala: arte eszenikoetarako eta ikus-entzunezkoetarako musika\u00bb ikastaroa izango dugu urriaren 6an. Nori zuzendua: lege-esparrua eta Jabetza intelektualeko eskubideak kudeatzeko aukerak ezagutu nahi dituzten musikari, arte eszenikoen eta ikus-entzunezkoen profesionalei zuzendua. Sinopsia: musikan, arte eszenikoetan eta\/edo ikus-entzunezkoetan aritzen zara eta batzuetan zure sorkuntzak edo ekoizpenak kudeatzeko tresnak [&hellip;]<\/p>\n","protected":false},"featured_media":3739,"template":"","meta":{"_et_pb_use_builder":"","_et_pb_old_content":"","_et_gb_content_width":""},"product_brand":[],"product_cat":[36],"product_tag":[],"class_list":{"0":"post-3738","1":"product","2":"type-product","3":"status-publish","4":"has-post-thumbnail","6":"product_cat-sin-categorizar","8":"first","9":"instock","10":"shipping-taxable","11":"purchasable","12":"product-type-simple"},"yoast_head":"<!-- This site is optimized with the Yoast SEO plugin v27.4 - https:\/\/yoast.com\/product\/yoast-seo-wordpress\/ -->\n<title>\u201cJABETZA INTELEKTUALA: ARTE ESZENIKOETARAKO ETA IKUS-ENTZUNEZKOETARAKO MUSIKA&quot; Ainara LeGardon - Teila Fabrika<\/title>\n<meta name=\"robots\" content=\"index, follow, max-snippet:-1, max-image-preview:large, max-video-preview:-1\" \/>\n<link rel=\"canonical\" href=\"https:\/\/teilafabrika.eus\/es\/ekitaldiak\/jabetza-intelektuala-arte-eszenikoetarako-eta-ikus-entzunezkoetarako-musika-ainara-legardon\/\" \/>\n<meta property=\"og:locale\" content=\"es_ES\" \/>\n<meta property=\"og:type\" content=\"article\" \/>\n<meta property=\"og:title\" content=\"\u201cJABETZA INTELEKTUALA: ARTE ESZENIKOETARAKO ETA IKUS-ENTZUNEZKOETARAKO MUSIKA&quot; Ainara LeGardon - Teila Fabrika\" \/>\n<meta property=\"og:description\" content=\"EUS\/\/ HEMEN elkartekoek antolatuta eta Ainara LeGardonen eskutik, \u00abJabetza intelektuala: arte eszenikoetarako eta ikus-entzunezkoetarako musika\u00bb ikastaroa izango dugu urriaren 6an. Nori zuzendua: lege-esparrua eta Jabetza intelektualeko eskubideak kudeatzeko aukerak ezagutu nahi dituzten musikari, arte eszenikoen eta ikus-entzunezkoen profesionalei zuzendua. Sinopsia: musikan, arte eszenikoetan eta\/edo ikus-entzunezkoetan aritzen zara eta batzuetan zure sorkuntzak edo ekoizpenak kudeatzeko tresnak [&hellip;]\" \/>\n<meta property=\"og:url\" content=\"https:\/\/teilafabrika.eus\/es\/ekitaldiak\/jabetza-intelektuala-arte-eszenikoetarako-eta-ikus-entzunezkoetarako-musika-ainara-legardon\/\" \/>\n<meta property=\"og:site_name\" content=\"Teila Fabrika\" \/>\n<meta property=\"article:modified_time\" content=\"2022-09-29T11:16:03+00:00\" \/>\n<meta property=\"og:image\" content=\"https:\/\/teilafabrika.eus\/wp-content\/uploads\/2022\/09\/AINARA-web-txiki.png\" \/>\n\t<meta property=\"og:image:width\" content=\"600\" \/>\n\t<meta property=\"og:image:height\" content=\"400\" \/>\n\t<meta property=\"og:image:type\" content=\"image\/png\" \/>\n<meta name=\"twitter:card\" content=\"summary_large_image\" \/>\n<meta name=\"twitter:label1\" content=\"Tiempo de lectura\" \/>\n\t<meta name=\"twitter:data1\" content=\"2 minutos\" \/>\n<script type=\"application\/ld+json\" class=\"yoast-schema-graph\">{\"@context\":\"https:\\\/\\\/schema.org\",\"@graph\":[{\"@type\":\"WebPage\",\"@id\":\"https:\\\/\\\/teilafabrika.eus\\\/es\\\/ekitaldiak\\\/jabetza-intelektuala-arte-eszenikoetarako-eta-ikus-entzunezkoetarako-musika-ainara-legardon\\\/\",\"url\":\"https:\\\/\\\/teilafabrika.eus\\\/es\\\/ekitaldiak\\\/jabetza-intelektuala-arte-eszenikoetarako-eta-ikus-entzunezkoetarako-musika-ainara-legardon\\\/\",\"name\":\"\u201cJABETZA INTELEKTUALA: ARTE ESZENIKOETARAKO ETA IKUS-ENTZUNEZKOETARAKO MUSIKA\\\" Ainara LeGardon - Teila Fabrika\",\"isPartOf\":{\"@id\":\"https:\\\/\\\/teilafabrika.eus\\\/#website\"},\"primaryImageOfPage\":{\"@id\":\"https:\\\/\\\/teilafabrika.eus\\\/es\\\/ekitaldiak\\\/jabetza-intelektuala-arte-eszenikoetarako-eta-ikus-entzunezkoetarako-musika-ainara-legardon\\\/#primaryimage\"},\"image\":{\"@id\":\"https:\\\/\\\/teilafabrika.eus\\\/es\\\/ekitaldiak\\\/jabetza-intelektuala-arte-eszenikoetarako-eta-ikus-entzunezkoetarako-musika-ainara-legardon\\\/#primaryimage\"},\"thumbnailUrl\":\"https:\\\/\\\/teilafabrika.eus\\\/wp-content\\\/uploads\\\/2022\\\/09\\\/AINARA-web-txiki.png\",\"datePublished\":\"2022-09-23T12:38:37+00:00\",\"dateModified\":\"2022-09-29T11:16:03+00:00\",\"breadcrumb\":{\"@id\":\"https:\\\/\\\/teilafabrika.eus\\\/es\\\/ekitaldiak\\\/jabetza-intelektuala-arte-eszenikoetarako-eta-ikus-entzunezkoetarako-musika-ainara-legardon\\\/#breadcrumb\"},\"inLanguage\":\"es\",\"potentialAction\":[{\"@type\":\"ReadAction\",\"target\":[\"https:\\\/\\\/teilafabrika.eus\\\/es\\\/ekitaldiak\\\/jabetza-intelektuala-arte-eszenikoetarako-eta-ikus-entzunezkoetarako-musika-ainara-legardon\\\/\"]}]},{\"@type\":\"ImageObject\",\"inLanguage\":\"es\",\"@id\":\"https:\\\/\\\/teilafabrika.eus\\\/es\\\/ekitaldiak\\\/jabetza-intelektuala-arte-eszenikoetarako-eta-ikus-entzunezkoetarako-musika-ainara-legardon\\\/#primaryimage\",\"url\":\"https:\\\/\\\/teilafabrika.eus\\\/wp-content\\\/uploads\\\/2022\\\/09\\\/AINARA-web-txiki.png\",\"contentUrl\":\"https:\\\/\\\/teilafabrika.eus\\\/wp-content\\\/uploads\\\/2022\\\/09\\\/AINARA-web-txiki.png\",\"width\":600,\"height\":400},{\"@type\":\"BreadcrumbList\",\"@id\":\"https:\\\/\\\/teilafabrika.eus\\\/es\\\/ekitaldiak\\\/jabetza-intelektuala-arte-eszenikoetarako-eta-ikus-entzunezkoetarako-musika-ainara-legardon\\\/#breadcrumb\",\"itemListElement\":[{\"@type\":\"ListItem\",\"position\":1,\"name\":\"Home\",\"item\":\"https:\\\/\\\/teilafabrika.eus\\\/\"},{\"@type\":\"ListItem\",\"position\":2,\"name\":\"Denda\",\"item\":\"https:\\\/\\\/teilafabrika.eus\\\/denda\\\/\"},{\"@type\":\"ListItem\",\"position\":3,\"name\":\"\u201cJABETZA INTELEKTUALA: ARTE ESZENIKOETARAKO ETA IKUS-ENTZUNEZKOETARAKO MUSIKA\u00bb Ainara LeGardon\"}]},{\"@type\":\"WebSite\",\"@id\":\"https:\\\/\\\/teilafabrika.eus\\\/#website\",\"url\":\"https:\\\/\\\/teilafabrika.eus\\\/\",\"name\":\"Teila Fabrika\",\"description\":\"Elkarlanean ekiteko eta konektatzeko coworking espazioa\",\"publisher\":{\"@id\":\"https:\\\/\\\/teilafabrika.eus\\\/#organization\"},\"potentialAction\":[{\"@type\":\"SearchAction\",\"target\":{\"@type\":\"EntryPoint\",\"urlTemplate\":\"https:\\\/\\\/teilafabrika.eus\\\/?s={search_term_string}\"},\"query-input\":{\"@type\":\"PropertyValueSpecification\",\"valueRequired\":true,\"valueName\":\"search_term_string\"}}],\"inLanguage\":\"es\"},{\"@type\":\"Organization\",\"@id\":\"https:\\\/\\\/teilafabrika.eus\\\/#organization\",\"name\":\"Teila Fabrika\",\"url\":\"https:\\\/\\\/teilafabrika.eus\\\/\",\"logo\":{\"@type\":\"ImageObject\",\"inLanguage\":\"es\",\"@id\":\"https:\\\/\\\/teilafabrika.eus\\\/#\\\/schema\\\/logo\\\/image\\\/\",\"url\":\"https:\\\/\\\/teilafabrika.eus\\\/wp-content\\\/uploads\\\/2020\\\/11\\\/Teila-fabrika-egia-coworking.png\",\"contentUrl\":\"https:\\\/\\\/teilafabrika.eus\\\/wp-content\\\/uploads\\\/2020\\\/11\\\/Teila-fabrika-egia-coworking.png\",\"width\":315,\"height\":154,\"caption\":\"Teila Fabrika\"},\"image\":{\"@id\":\"https:\\\/\\\/teilafabrika.eus\\\/#\\\/schema\\\/logo\\\/image\\\/\"}}]}<\/script>\n<!-- \/ Yoast SEO plugin. -->","yoast_head_json":{"title":"\u201cJABETZA INTELEKTUALA: ARTE ESZENIKOETARAKO ETA IKUS-ENTZUNEZKOETARAKO MUSIKA\" Ainara LeGardon - Teila Fabrika","robots":{"index":"index","follow":"follow","max-snippet":"max-snippet:-1","max-image-preview":"max-image-preview:large","max-video-preview":"max-video-preview:-1"},"canonical":"https:\/\/teilafabrika.eus\/es\/ekitaldiak\/jabetza-intelektuala-arte-eszenikoetarako-eta-ikus-entzunezkoetarako-musika-ainara-legardon\/","og_locale":"es_ES","og_type":"article","og_title":"\u201cJABETZA INTELEKTUALA: ARTE ESZENIKOETARAKO ETA IKUS-ENTZUNEZKOETARAKO MUSIKA\" Ainara LeGardon - Teila Fabrika","og_description":"EUS\/\/ HEMEN elkartekoek antolatuta eta Ainara LeGardonen eskutik, \u00abJabetza intelektuala: arte eszenikoetarako eta ikus-entzunezkoetarako musika\u00bb ikastaroa izango dugu urriaren 6an. Nori zuzendua: lege-esparrua eta Jabetza intelektualeko eskubideak kudeatzeko aukerak ezagutu nahi dituzten musikari, arte eszenikoen eta ikus-entzunezkoen profesionalei zuzendua. Sinopsia: musikan, arte eszenikoetan eta\/edo ikus-entzunezkoetan aritzen zara eta batzuetan zure sorkuntzak edo ekoizpenak kudeatzeko tresnak [&hellip;]","og_url":"https:\/\/teilafabrika.eus\/es\/ekitaldiak\/jabetza-intelektuala-arte-eszenikoetarako-eta-ikus-entzunezkoetarako-musika-ainara-legardon\/","og_site_name":"Teila Fabrika","article_modified_time":"2022-09-29T11:16:03+00:00","og_image":[{"width":600,"height":400,"url":"https:\/\/teilafabrika.eus\/wp-content\/uploads\/2022\/09\/AINARA-web-txiki.png","type":"image\/png"}],"twitter_card":"summary_large_image","twitter_misc":{"Tiempo de lectura":"2 minutos"},"schema":{"@context":"https:\/\/schema.org","@graph":[{"@type":"WebPage","@id":"https:\/\/teilafabrika.eus\/es\/ekitaldiak\/jabetza-intelektuala-arte-eszenikoetarako-eta-ikus-entzunezkoetarako-musika-ainara-legardon\/","url":"https:\/\/teilafabrika.eus\/es\/ekitaldiak\/jabetza-intelektuala-arte-eszenikoetarako-eta-ikus-entzunezkoetarako-musika-ainara-legardon\/","name":"\u201cJABETZA INTELEKTUALA: ARTE ESZENIKOETARAKO ETA IKUS-ENTZUNEZKOETARAKO MUSIKA\" Ainara LeGardon - Teila Fabrika","isPartOf":{"@id":"https:\/\/teilafabrika.eus\/#website"},"primaryImageOfPage":{"@id":"https:\/\/teilafabrika.eus\/es\/ekitaldiak\/jabetza-intelektuala-arte-eszenikoetarako-eta-ikus-entzunezkoetarako-musika-ainara-legardon\/#primaryimage"},"image":{"@id":"https:\/\/teilafabrika.eus\/es\/ekitaldiak\/jabetza-intelektuala-arte-eszenikoetarako-eta-ikus-entzunezkoetarako-musika-ainara-legardon\/#primaryimage"},"thumbnailUrl":"https:\/\/teilafabrika.eus\/wp-content\/uploads\/2022\/09\/AINARA-web-txiki.png","datePublished":"2022-09-23T12:38:37+00:00","dateModified":"2022-09-29T11:16:03+00:00","breadcrumb":{"@id":"https:\/\/teilafabrika.eus\/es\/ekitaldiak\/jabetza-intelektuala-arte-eszenikoetarako-eta-ikus-entzunezkoetarako-musika-ainara-legardon\/#breadcrumb"},"inLanguage":"es","potentialAction":[{"@type":"ReadAction","target":["https:\/\/teilafabrika.eus\/es\/ekitaldiak\/jabetza-intelektuala-arte-eszenikoetarako-eta-ikus-entzunezkoetarako-musika-ainara-legardon\/"]}]},{"@type":"ImageObject","inLanguage":"es","@id":"https:\/\/teilafabrika.eus\/es\/ekitaldiak\/jabetza-intelektuala-arte-eszenikoetarako-eta-ikus-entzunezkoetarako-musika-ainara-legardon\/#primaryimage","url":"https:\/\/teilafabrika.eus\/wp-content\/uploads\/2022\/09\/AINARA-web-txiki.png","contentUrl":"https:\/\/teilafabrika.eus\/wp-content\/uploads\/2022\/09\/AINARA-web-txiki.png","width":600,"height":400},{"@type":"BreadcrumbList","@id":"https:\/\/teilafabrika.eus\/es\/ekitaldiak\/jabetza-intelektuala-arte-eszenikoetarako-eta-ikus-entzunezkoetarako-musika-ainara-legardon\/#breadcrumb","itemListElement":[{"@type":"ListItem","position":1,"name":"Home","item":"https:\/\/teilafabrika.eus\/"},{"@type":"ListItem","position":2,"name":"Denda","item":"https:\/\/teilafabrika.eus\/denda\/"},{"@type":"ListItem","position":3,"name":"\u201cJABETZA INTELEKTUALA: ARTE ESZENIKOETARAKO ETA IKUS-ENTZUNEZKOETARAKO MUSIKA\u00bb Ainara LeGardon"}]},{"@type":"WebSite","@id":"https:\/\/teilafabrika.eus\/#website","url":"https:\/\/teilafabrika.eus\/","name":"Teila Fabrika","description":"Elkarlanean ekiteko eta konektatzeko coworking espazioa","publisher":{"@id":"https:\/\/teilafabrika.eus\/#organization"},"potentialAction":[{"@type":"SearchAction","target":{"@type":"EntryPoint","urlTemplate":"https:\/\/teilafabrika.eus\/?s={search_term_string}"},"query-input":{"@type":"PropertyValueSpecification","valueRequired":true,"valueName":"search_term_string"}}],"inLanguage":"es"},{"@type":"Organization","@id":"https:\/\/teilafabrika.eus\/#organization","name":"Teila Fabrika","url":"https:\/\/teilafabrika.eus\/","logo":{"@type":"ImageObject","inLanguage":"es","@id":"https:\/\/teilafabrika.eus\/#\/schema\/logo\/image\/","url":"https:\/\/teilafabrika.eus\/wp-content\/uploads\/2020\/11\/Teila-fabrika-egia-coworking.png","contentUrl":"https:\/\/teilafabrika.eus\/wp-content\/uploads\/2020\/11\/Teila-fabrika-egia-coworking.png","width":315,"height":154,"caption":"Teila Fabrika"},"image":{"@id":"https:\/\/teilafabrika.eus\/#\/schema\/logo\/image\/"}}]}},"_links":{"self":[{"href":"https:\/\/teilafabrika.eus\/es\/wp-json\/wp\/v2\/product\/3738","targetHints":{"allow":["GET"]}}],"collection":[{"href":"https:\/\/teilafabrika.eus\/es\/wp-json\/wp\/v2\/product"}],"about":[{"href":"https:\/\/teilafabrika.eus\/es\/wp-json\/wp\/v2\/types\/product"}],"wp:featuredmedia":[{"embeddable":true,"href":"https:\/\/teilafabrika.eus\/es\/wp-json\/wp\/v2\/media\/3739"}],"wp:attachment":[{"href":"https:\/\/teilafabrika.eus\/es\/wp-json\/wp\/v2\/media?parent=3738"}],"wp:term":[{"taxonomy":"product_brand","embeddable":true,"href":"https:\/\/teilafabrika.eus\/es\/wp-json\/wp\/v2\/product_brand?post=3738"},{"taxonomy":"product_cat","embeddable":true,"href":"https:\/\/teilafabrika.eus\/es\/wp-json\/wp\/v2\/product_cat?post=3738"},{"taxonomy":"product_tag","embeddable":true,"href":"https:\/\/teilafabrika.eus\/es\/wp-json\/wp\/v2\/product_tag?post=3738"}],"curies":[{"name":"wp","href":"https:\/\/api.w.org\/{rel}","templated":true}]}}